{"id":138,"date":"2020-10-06T18:51:26","date_gmt":"2020-10-06T18:51:26","guid":{"rendered":"http:\/\/stimmungszeit.com\/?page_id=138"},"modified":"2024-12-13T11:34:02","modified_gmt":"2024-12-13T11:34:02","slug":"musik-media","status":"publish","type":"page","link":"http:\/\/stimmungszeit.com\/?page_id=138","title":{"rendered":"Musik &#038; Media"},"content":{"rendered":"\n<p><br>Stimmungszeit Musik- &amp; Media versteht sich als Full-Service Dienstleister rund um Musik- &amp; Fernsehproduktionen, Tonstudio und Musikverlag, nebst Label und angeschlossenem Vertrieb.<\/p>\n\n\n\n<p>Wir konzipieren, kreieren und produzieren Musik-, Video- &amp; Fernsehaufnahmen und ver\u00f6ffentlichen Ihr Produkt da, wo Sie es platziert wissen wollen. Dabei legen wir sehr viel Wert auf ein gewachsenes Netzwerk mit unseren Partnern, u.a. Hitmix, Marabu Records, Telamo, Vegamedia, OM-Management, Gute-Laune TV, My TV plus, Folx Music Television und das Deutsche Musikfernsehen.<\/p>\n\n\n\n<figure class=\"wp-block-gallery has-nested-images columns-default wp-block-gallery-1 is-layout-flex wp-block-gallery-is-layout-flex\">\n<figure class=\"wp-block-image size-thumbnail\"><img loading=\"lazy\" decoding=\"async\" width=\"150\" height=\"150\" data-id=\"283\" src=\"https:\/\/stimmungszeit.com\/wp-content\/uploads\/2021\/12\/CDVS_Edward-Simoni_2CD-150x150.jpg\" alt=\"\" class=\"wp-image-283\" srcset=\"http:\/\/stimmungszeit.com\/wp-content\/uploads\/2021\/12\/CDVS_Edward-Simoni_2CD-150x150.jpg 150w, http:\/\/stimmungszeit.com\/wp-content\/uploads\/2021\/12\/CDVS_Edward-Simoni_2CD-300x300.jpg 300w, http:\/\/stimmungszeit.com\/wp-content\/uploads\/2021\/12\/CDVS_Edward-Simoni_2CD-1024x1024.jpg 1024w, http:\/\/stimmungszeit.com\/wp-content\/uploads\/2021\/12\/CDVS_Edward-Simoni_2CD-768x768.jpg 768w, http:\/\/stimmungszeit.com\/wp-content\/uploads\/2021\/12\/CDVS_Edward-Simoni_2CD-1140x1140.jpg 1140w, http:\/\/stimmungszeit.com\/wp-content\/uploads\/2021\/12\/CDVS_Edward-Simoni_2CD-75x75.jpg 75w, http:\/\/stimmungszeit.com\/wp-content\/uploads\/2021\/12\/CDVS_Edward-Simoni_2CD-640x640.jpg 640w, http:\/\/stimmungszeit.com\/wp-content\/uploads\/2021\/12\/CDVS_Edward-Simoni_2CD-50x50.jpg 50w, http:\/\/stimmungszeit.com\/wp-content\/uploads\/2021\/12\/CDVS_Edward-Simoni_2CD.jpg 1440w\" sizes=\"(max-width: 150px) 100vw, 150px\" \/><\/figure>\n\n\n\n<figure class=\"wp-block-image size-thumbnail\"><img loading=\"lazy\" decoding=\"async\" width=\"150\" height=\"150\" data-id=\"286\" src=\"https:\/\/stimmungszeit.com\/wp-content\/uploads\/2021\/12\/Single-Uwe-Jensen-SO-IST-DAS-LEBEN-VOe-10.11.2020-150x150.jpg\" alt=\"\" class=\"wp-image-286\" srcset=\"http:\/\/stimmungszeit.com\/wp-content\/uploads\/2021\/12\/Single-Uwe-Jensen-SO-IST-DAS-LEBEN-VOe-10.11.2020-150x150.jpg 150w, http:\/\/stimmungszeit.com\/wp-content\/uploads\/2021\/12\/Single-Uwe-Jensen-SO-IST-DAS-LEBEN-VOe-10.11.2020-300x300.jpg 300w, http:\/\/stimmungszeit.com\/wp-content\/uploads\/2021\/12\/Single-Uwe-Jensen-SO-IST-DAS-LEBEN-VOe-10.11.2020-1024x1024.jpg 1024w, http:\/\/stimmungszeit.com\/wp-content\/uploads\/2021\/12\/Single-Uwe-Jensen-SO-IST-DAS-LEBEN-VOe-10.11.2020-768x768.jpg 768w, http:\/\/stimmungszeit.com\/wp-content\/uploads\/2021\/12\/Single-Uwe-Jensen-SO-IST-DAS-LEBEN-VOe-10.11.2020-1536x1536.jpg 1536w, http:\/\/stimmungszeit.com\/wp-content\/uploads\/2021\/12\/Single-Uwe-Jensen-SO-IST-DAS-LEBEN-VOe-10.11.2020-2048x2048.jpg 2048w, http:\/\/stimmungszeit.com\/wp-content\/uploads\/2021\/12\/Single-Uwe-Jensen-SO-IST-DAS-LEBEN-VOe-10.11.2020-1140x1140.jpg 1140w, http:\/\/stimmungszeit.com\/wp-content\/uploads\/2021\/12\/Single-Uwe-Jensen-SO-IST-DAS-LEBEN-VOe-10.11.2020-75x75.jpg 75w, http:\/\/stimmungszeit.com\/wp-content\/uploads\/2021\/12\/Single-Uwe-Jensen-SO-IST-DAS-LEBEN-VOe-10.11.2020-640x640.jpg 640w, http:\/\/stimmungszeit.com\/wp-content\/uploads\/2021\/12\/Single-Uwe-Jensen-SO-IST-DAS-LEBEN-VOe-10.11.2020-50x50.jpg 50w\" sizes=\"(max-width: 150px) 100vw, 150px\" \/><\/figure>\n\n\n\n<figure class=\"wp-block-image size-thumbnail\"><img loading=\"lazy\" decoding=\"async\" width=\"150\" height=\"150\" data-id=\"288\" src=\"https:\/\/stimmungszeit.com\/wp-content\/uploads\/2021\/12\/Online-Cover-Vol.-2-150x150.png\" alt=\"\" class=\"wp-image-288\" srcset=\"http:\/\/stimmungszeit.com\/wp-content\/uploads\/2021\/12\/Online-Cover-Vol.-2-150x150.png 150w, http:\/\/stimmungszeit.com\/wp-content\/uploads\/2021\/12\/Online-Cover-Vol.-2-75x75.png 75w, http:\/\/stimmungszeit.com\/wp-content\/uploads\/2021\/12\/Online-Cover-Vol.-2-50x50.png 50w, http:\/\/stimmungszeit.com\/wp-content\/uploads\/2021\/12\/Online-Cover-Vol.-2.png 207w\" sizes=\"(max-width: 150px) 100vw, 150px\" \/><\/figure>\n\n\n\n<figure class=\"wp-block-image size-thumbnail\"><img loading=\"lazy\" decoding=\"async\" width=\"150\" height=\"150\" data-id=\"287\" src=\"https:\/\/stimmungszeit.com\/wp-content\/uploads\/2021\/12\/Sabine-Achterbahn-ins-Glueck-2019-150x150.jpg\" alt=\"\" class=\"wp-image-287\" srcset=\"http:\/\/stimmungszeit.com\/wp-content\/uploads\/2021\/12\/Sabine-Achterbahn-ins-Glueck-2019-150x150.jpg 150w, http:\/\/stimmungszeit.com\/wp-content\/uploads\/2021\/12\/Sabine-Achterbahn-ins-Glueck-2019-300x300.jpg 300w, http:\/\/stimmungszeit.com\/wp-content\/uploads\/2021\/12\/Sabine-Achterbahn-ins-Glueck-2019-1024x1024.jpg 1024w, http:\/\/stimmungszeit.com\/wp-content\/uploads\/2021\/12\/Sabine-Achterbahn-ins-Glueck-2019-768x768.jpg 768w, http:\/\/stimmungszeit.com\/wp-content\/uploads\/2021\/12\/Sabine-Achterbahn-ins-Glueck-2019-1536x1536.jpg 1536w, http:\/\/stimmungszeit.com\/wp-content\/uploads\/2021\/12\/Sabine-Achterbahn-ins-Glueck-2019-2048x2048.jpg 2048w, http:\/\/stimmungszeit.com\/wp-content\/uploads\/2021\/12\/Sabine-Achterbahn-ins-Glueck-2019-1140x1140.jpg 1140w, http:\/\/stimmungszeit.com\/wp-content\/uploads\/2021\/12\/Sabine-Achterbahn-ins-Glueck-2019-75x75.jpg 75w, http:\/\/stimmungszeit.com\/wp-content\/uploads\/2021\/12\/Sabine-Achterbahn-ins-Glueck-2019-640x640.jpg 640w, http:\/\/stimmungszeit.com\/wp-content\/uploads\/2021\/12\/Sabine-Achterbahn-ins-Glueck-2019-50x50.jpg 50w\" sizes=\"(max-width: 150px) 100vw, 150px\" \/><\/figure>\n\n\n\n<figure class=\"wp-block-image size-thumbnail\"><img loading=\"lazy\" decoding=\"async\" width=\"150\" height=\"150\" data-id=\"297\" src=\"https:\/\/stimmungszeit.com\/wp-content\/uploads\/2021\/12\/DJ-Rakete-Major-Tom-SINGLE-04-2021-150x150.jpg\" alt=\"\" class=\"wp-image-297\" srcset=\"http:\/\/stimmungszeit.com\/wp-content\/uploads\/2021\/12\/DJ-Rakete-Major-Tom-SINGLE-04-2021-150x150.jpg 150w, http:\/\/stimmungszeit.com\/wp-content\/uploads\/2021\/12\/DJ-Rakete-Major-Tom-SINGLE-04-2021-300x300.jpg 300w, http:\/\/stimmungszeit.com\/wp-content\/uploads\/2021\/12\/DJ-Rakete-Major-Tom-SINGLE-04-2021-1024x1024.jpg 1024w, http:\/\/stimmungszeit.com\/wp-content\/uploads\/2021\/12\/DJ-Rakete-Major-Tom-SINGLE-04-2021-768x768.jpg 768w, http:\/\/stimmungszeit.com\/wp-content\/uploads\/2021\/12\/DJ-Rakete-Major-Tom-SINGLE-04-2021-1536x1536.jpg 1536w, http:\/\/stimmungszeit.com\/wp-content\/uploads\/2021\/12\/DJ-Rakete-Major-Tom-SINGLE-04-2021-2048x2048.jpg 2048w, http:\/\/stimmungszeit.com\/wp-content\/uploads\/2021\/12\/DJ-Rakete-Major-Tom-SINGLE-04-2021-1140x1140.jpg 1140w, http:\/\/stimmungszeit.com\/wp-content\/uploads\/2021\/12\/DJ-Rakete-Major-Tom-SINGLE-04-2021-75x75.jpg 75w, http:\/\/stimmungszeit.com\/wp-content\/uploads\/2021\/12\/DJ-Rakete-Major-Tom-SINGLE-04-2021-640x640.jpg 640w, http:\/\/stimmungszeit.com\/wp-content\/uploads\/2021\/12\/DJ-Rakete-Major-Tom-SINGLE-04-2021-50x50.jpg 50w\" sizes=\"(max-width: 150px) 100vw, 150px\" \/><\/figure>\n\n\n\n<figure class=\"wp-block-image size-thumbnail\"><img loading=\"lazy\" decoding=\"async\" width=\"150\" height=\"150\" data-id=\"295\" src=\"https:\/\/stimmungszeit.com\/wp-content\/uploads\/2021\/12\/Single-Cover-Gary-and-the-Blue-Jeans-ROCK-\u00b4N\u00b4-Roll-150x150.jpg\" alt=\"\" class=\"wp-image-295\" srcset=\"http:\/\/stimmungszeit.com\/wp-content\/uploads\/2021\/12\/Single-Cover-Gary-and-the-Blue-Jeans-ROCK-\u00b4N\u00b4-Roll-150x150.jpg 150w, http:\/\/stimmungszeit.com\/wp-content\/uploads\/2021\/12\/Single-Cover-Gary-and-the-Blue-Jeans-ROCK-\u00b4N\u00b4-Roll-300x300.jpg 300w, http:\/\/stimmungszeit.com\/wp-content\/uploads\/2021\/12\/Single-Cover-Gary-and-the-Blue-Jeans-ROCK-\u00b4N\u00b4-Roll-1024x1024.jpg 1024w, http:\/\/stimmungszeit.com\/wp-content\/uploads\/2021\/12\/Single-Cover-Gary-and-the-Blue-Jeans-ROCK-\u00b4N\u00b4-Roll-768x768.jpg 768w, http:\/\/stimmungszeit.com\/wp-content\/uploads\/2021\/12\/Single-Cover-Gary-and-the-Blue-Jeans-ROCK-\u00b4N\u00b4-Roll-1140x1140.jpg 1140w, http:\/\/stimmungszeit.com\/wp-content\/uploads\/2021\/12\/Single-Cover-Gary-and-the-Blue-Jeans-ROCK-\u00b4N\u00b4-Roll-75x75.jpg 75w, http:\/\/stimmungszeit.com\/wp-content\/uploads\/2021\/12\/Single-Cover-Gary-and-the-Blue-Jeans-ROCK-\u00b4N\u00b4-Roll-640x640.jpg 640w, http:\/\/stimmungszeit.com\/wp-content\/uploads\/2021\/12\/Single-Cover-Gary-and-the-Blue-Jeans-ROCK-\u00b4N\u00b4-Roll-50x50.jpg 50w, http:\/\/stimmungszeit.com\/wp-content\/uploads\/2021\/12\/Single-Cover-Gary-and-the-Blue-Jeans-ROCK-\u00b4N\u00b4-Roll.jpg 1422w\" sizes=\"(max-width: 150px) 100vw, 150px\" \/><\/figure>\n\n\n\n<figure class=\"wp-block-image size-thumbnail\"><img loading=\"lazy\" decoding=\"async\" width=\"150\" height=\"150\" data-id=\"293\" src=\"https:\/\/stimmungszeit.com\/wp-content\/uploads\/2021\/12\/Single-Cover-Das-Leben-ist-ein-Wunder-Anita-Kay-150x150.jpg\" alt=\"\" class=\"wp-image-293\" srcset=\"http:\/\/stimmungszeit.com\/wp-content\/uploads\/2021\/12\/Single-Cover-Das-Leben-ist-ein-Wunder-Anita-Kay-150x150.jpg 150w, http:\/\/stimmungszeit.com\/wp-content\/uploads\/2021\/12\/Single-Cover-Das-Leben-ist-ein-Wunder-Anita-Kay-300x300.jpg 300w, http:\/\/stimmungszeit.com\/wp-content\/uploads\/2021\/12\/Single-Cover-Das-Leben-ist-ein-Wunder-Anita-Kay-1024x1024.jpg 1024w, http:\/\/stimmungszeit.com\/wp-content\/uploads\/2021\/12\/Single-Cover-Das-Leben-ist-ein-Wunder-Anita-Kay-768x768.jpg 768w, http:\/\/stimmungszeit.com\/wp-content\/uploads\/2021\/12\/Single-Cover-Das-Leben-ist-ein-Wunder-Anita-Kay-1140x1140.jpg 1140w, http:\/\/stimmungszeit.com\/wp-content\/uploads\/2021\/12\/Single-Cover-Das-Leben-ist-ein-Wunder-Anita-Kay-75x75.jpg 75w, http:\/\/stimmungszeit.com\/wp-content\/uploads\/2021\/12\/Single-Cover-Das-Leben-ist-ein-Wunder-Anita-Kay-640x640.jpg 640w, http:\/\/stimmungszeit.com\/wp-content\/uploads\/2021\/12\/Single-Cover-Das-Leben-ist-ein-Wunder-Anita-Kay-50x50.jpg 50w, http:\/\/stimmungszeit.com\/wp-content\/uploads\/2021\/12\/Single-Cover-Das-Leben-ist-ein-Wunder-Anita-Kay.jpg 1420w\" sizes=\"(max-width: 150px) 100vw, 150px\" \/><\/figure>\n\n\n\n<figure class=\"wp-block-image size-thumbnail\"><img loading=\"lazy\" decoding=\"async\" width=\"150\" height=\"150\" data-id=\"292\" src=\"https:\/\/stimmungszeit.com\/wp-content\/uploads\/2021\/12\/LP-Weihnacht-wie\u00b4s-frueher-war-150x150.jpg\" alt=\"\" class=\"wp-image-292\" srcset=\"http:\/\/stimmungszeit.com\/wp-content\/uploads\/2021\/12\/LP-Weihnacht-wie\u00b4s-frueher-war-150x150.jpg 150w, http:\/\/stimmungszeit.com\/wp-content\/uploads\/2021\/12\/LP-Weihnacht-wie\u00b4s-frueher-war-300x300.jpg 300w, http:\/\/stimmungszeit.com\/wp-content\/uploads\/2021\/12\/LP-Weihnacht-wie\u00b4s-frueher-war-1024x1024.jpg 1024w, http:\/\/stimmungszeit.com\/wp-content\/uploads\/2021\/12\/LP-Weihnacht-wie\u00b4s-frueher-war-768x769.jpg 768w, http:\/\/stimmungszeit.com\/wp-content\/uploads\/2021\/12\/LP-Weihnacht-wie\u00b4s-frueher-war-1140x1141.jpg 1140w, http:\/\/stimmungszeit.com\/wp-content\/uploads\/2021\/12\/LP-Weihnacht-wie\u00b4s-frueher-war-75x75.jpg 75w, http:\/\/stimmungszeit.com\/wp-content\/uploads\/2021\/12\/LP-Weihnacht-wie\u00b4s-frueher-war-640x640.jpg 640w, http:\/\/stimmungszeit.com\/wp-content\/uploads\/2021\/12\/LP-Weihnacht-wie\u00b4s-frueher-war-50x50.jpg 50w, http:\/\/stimmungszeit.com\/wp-content\/uploads\/2021\/12\/LP-Weihnacht-wie\u00b4s-frueher-war.jpg 1417w\" sizes=\"(max-width: 150px) 100vw, 150px\" \/><\/figure>\n\n\n\n<figure class=\"wp-block-image size-thumbnail\"><img loading=\"lazy\" decoding=\"async\" width=\"150\" height=\"150\" data-id=\"294\" src=\"https:\/\/stimmungszeit.com\/wp-content\/uploads\/2021\/12\/Booklet-Front-Druck-150x150.jpg\" alt=\"\" class=\"wp-image-294\" srcset=\"http:\/\/stimmungszeit.com\/wp-content\/uploads\/2021\/12\/Booklet-Front-Druck-150x150.jpg 150w, http:\/\/stimmungszeit.com\/wp-content\/uploads\/2021\/12\/Booklet-Front-Druck-300x300.jpg 300w, http:\/\/stimmungszeit.com\/wp-content\/uploads\/2021\/12\/Booklet-Front-Druck-1024x1024.jpg 1024w, http:\/\/stimmungszeit.com\/wp-content\/uploads\/2021\/12\/Booklet-Front-Druck-768x768.jpg 768w, http:\/\/stimmungszeit.com\/wp-content\/uploads\/2021\/12\/Booklet-Front-Druck-1536x1536.jpg 1536w, http:\/\/stimmungszeit.com\/wp-content\/uploads\/2021\/12\/Booklet-Front-Druck-2048x2048.jpg 2048w, http:\/\/stimmungszeit.com\/wp-content\/uploads\/2021\/12\/Booklet-Front-Druck-1140x1140.jpg 1140w, http:\/\/stimmungszeit.com\/wp-content\/uploads\/2021\/12\/Booklet-Front-Druck-75x75.jpg 75w, http:\/\/stimmungszeit.com\/wp-content\/uploads\/2021\/12\/Booklet-Front-Druck-640x640.jpg 640w, http:\/\/stimmungszeit.com\/wp-content\/uploads\/2021\/12\/Booklet-Front-Druck-50x50.jpg 50w\" sizes=\"(max-width: 150px) 100vw, 150px\" \/><\/figure>\n\n\n\n<figure class=\"wp-block-image size-thumbnail\"><img loading=\"lazy\" decoding=\"async\" width=\"150\" height=\"150\" data-id=\"291\" src=\"https:\/\/stimmungszeit.com\/wp-content\/uploads\/2021\/12\/CD-Cover-Wunderbar-ist-die-Welt-150x150.jpg\" alt=\"\" class=\"wp-image-291\" srcset=\"http:\/\/stimmungszeit.com\/wp-content\/uploads\/2021\/12\/CD-Cover-Wunderbar-ist-die-Welt-150x150.jpg 150w, http:\/\/stimmungszeit.com\/wp-content\/uploads\/2021\/12\/CD-Cover-Wunderbar-ist-die-Welt-300x300.jpg 300w, http:\/\/stimmungszeit.com\/wp-content\/uploads\/2021\/12\/CD-Cover-Wunderbar-ist-die-Welt-75x75.jpg 75w, http:\/\/stimmungszeit.com\/wp-content\/uploads\/2021\/12\/CD-Cover-Wunderbar-ist-die-Welt-640x640.jpg 640w, http:\/\/stimmungszeit.com\/wp-content\/uploads\/2021\/12\/CD-Cover-Wunderbar-ist-die-Welt-50x50.jpg 50w\" sizes=\"(max-width: 150px) 100vw, 150px\" \/><\/figure>\n\n\n\n<figure class=\"wp-block-image size-thumbnail\"><img loading=\"lazy\" decoding=\"async\" width=\"150\" height=\"150\" data-id=\"298\" src=\"https:\/\/stimmungszeit.com\/wp-content\/uploads\/2021\/12\/Single-Cover-SANTA-CLAUS-be-happy-VOe-12-2021-150x150.jpg\" alt=\"\" class=\"wp-image-298\" srcset=\"http:\/\/stimmungszeit.com\/wp-content\/uploads\/2021\/12\/Single-Cover-SANTA-CLAUS-be-happy-VOe-12-2021-150x150.jpg 150w, http:\/\/stimmungszeit.com\/wp-content\/uploads\/2021\/12\/Single-Cover-SANTA-CLAUS-be-happy-VOe-12-2021-300x300.jpg 300w, http:\/\/stimmungszeit.com\/wp-content\/uploads\/2021\/12\/Single-Cover-SANTA-CLAUS-be-happy-VOe-12-2021-1024x1024.jpg 1024w, http:\/\/stimmungszeit.com\/wp-content\/uploads\/2021\/12\/Single-Cover-SANTA-CLAUS-be-happy-VOe-12-2021-768x768.jpg 768w, http:\/\/stimmungszeit.com\/wp-content\/uploads\/2021\/12\/Single-Cover-SANTA-CLAUS-be-happy-VOe-12-2021-1140x1140.jpg 1140w, http:\/\/stimmungszeit.com\/wp-content\/uploads\/2021\/12\/Single-Cover-SANTA-CLAUS-be-happy-VOe-12-2021-75x75.jpg 75w, http:\/\/stimmungszeit.com\/wp-content\/uploads\/2021\/12\/Single-Cover-SANTA-CLAUS-be-happy-VOe-12-2021-640x640.jpg 640w, http:\/\/stimmungszeit.com\/wp-content\/uploads\/2021\/12\/Single-Cover-SANTA-CLAUS-be-happy-VOe-12-2021-50x50.jpg 50w, http:\/\/stimmungszeit.com\/wp-content\/uploads\/2021\/12\/Single-Cover-SANTA-CLAUS-be-happy-VOe-12-2021.jpg 1488w\" sizes=\"(max-width: 150px) 100vw, 150px\" \/><\/figure>\n\n\n\n<figure class=\"wp-block-image size-thumbnail\"><img loading=\"lazy\" decoding=\"async\" width=\"150\" height=\"150\" data-id=\"290\" src=\"https:\/\/stimmungszeit.com\/wp-content\/uploads\/2021\/12\/Kay-Doerfel-So-bin-ich-SINGLE-150x150.jpg\" alt=\"\" class=\"wp-image-290\" srcset=\"http:\/\/stimmungszeit.com\/wp-content\/uploads\/2021\/12\/Kay-Doerfel-So-bin-ich-SINGLE-150x150.jpg 150w, http:\/\/stimmungszeit.com\/wp-content\/uploads\/2021\/12\/Kay-Doerfel-So-bin-ich-SINGLE-300x300.jpg 300w, http:\/\/stimmungszeit.com\/wp-content\/uploads\/2021\/12\/Kay-Doerfel-So-bin-ich-SINGLE-1024x1024.jpg 1024w, http:\/\/stimmungszeit.com\/wp-content\/uploads\/2021\/12\/Kay-Doerfel-So-bin-ich-SINGLE-768x768.jpg 768w, http:\/\/stimmungszeit.com\/wp-content\/uploads\/2021\/12\/Kay-Doerfel-So-bin-ich-SINGLE-1536x1536.jpg 1536w, http:\/\/stimmungszeit.com\/wp-content\/uploads\/2021\/12\/Kay-Doerfel-So-bin-ich-SINGLE-2048x2048.jpg 2048w, http:\/\/stimmungszeit.com\/wp-content\/uploads\/2021\/12\/Kay-Doerfel-So-bin-ich-SINGLE-1140x1140.jpg 1140w, http:\/\/stimmungszeit.com\/wp-content\/uploads\/2021\/12\/Kay-Doerfel-So-bin-ich-SINGLE-75x75.jpg 75w, http:\/\/stimmungszeit.com\/wp-content\/uploads\/2021\/12\/Kay-Doerfel-So-bin-ich-SINGLE-640x640.jpg 640w, http:\/\/stimmungszeit.com\/wp-content\/uploads\/2021\/12\/Kay-Doerfel-So-bin-ich-SINGLE-50x50.jpg 50w\" sizes=\"(max-width: 150px) 100vw, 150px\" \/><\/figure>\n\n\n\n<figure class=\"wp-block-image size-thumbnail\"><img loading=\"lazy\" decoding=\"async\" width=\"150\" height=\"150\" data-id=\"296\" src=\"https:\/\/stimmungszeit.com\/wp-content\/uploads\/2021\/12\/DJ-Rakete-feat.-Nicole-The-Rhythm-of-the-Night-150x150.jpg\" alt=\"\" class=\"wp-image-296\" srcset=\"http:\/\/stimmungszeit.com\/wp-content\/uploads\/2021\/12\/DJ-Rakete-feat.-Nicole-The-Rhythm-of-the-Night-150x150.jpg 150w, http:\/\/stimmungszeit.com\/wp-content\/uploads\/2021\/12\/DJ-Rakete-feat.-Nicole-The-Rhythm-of-the-Night-300x300.jpg 300w, http:\/\/stimmungszeit.com\/wp-content\/uploads\/2021\/12\/DJ-Rakete-feat.-Nicole-The-Rhythm-of-the-Night-1024x1024.jpg 1024w, http:\/\/stimmungszeit.com\/wp-content\/uploads\/2021\/12\/DJ-Rakete-feat.-Nicole-The-Rhythm-of-the-Night-768x768.jpg 768w, http:\/\/stimmungszeit.com\/wp-content\/uploads\/2021\/12\/DJ-Rakete-feat.-Nicole-The-Rhythm-of-the-Night-1140x1140.jpg 1140w, http:\/\/stimmungszeit.com\/wp-content\/uploads\/2021\/12\/DJ-Rakete-feat.-Nicole-The-Rhythm-of-the-Night-75x75.jpg 75w, http:\/\/stimmungszeit.com\/wp-content\/uploads\/2021\/12\/DJ-Rakete-feat.-Nicole-The-Rhythm-of-the-Night-640x640.jpg 640w, http:\/\/stimmungszeit.com\/wp-content\/uploads\/2021\/12\/DJ-Rakete-feat.-Nicole-The-Rhythm-of-the-Night-50x50.jpg 50w, http:\/\/stimmungszeit.com\/wp-content\/uploads\/2021\/12\/DJ-Rakete-feat.-Nicole-The-Rhythm-of-the-Night.jpg 1488w\" sizes=\"(max-width: 150px) 100vw, 150px\" \/><\/figure>\n\n\n\n<figure class=\"wp-block-image size-thumbnail\"><img loading=\"lazy\" decoding=\"async\" width=\"150\" height=\"150\" data-id=\"299\" src=\"https:\/\/stimmungszeit.com\/wp-content\/uploads\/2021\/12\/DJ-Rakete-Katjuscha-150x150.jpg\" alt=\"\" class=\"wp-image-299\" srcset=\"http:\/\/stimmungszeit.com\/wp-content\/uploads\/2021\/12\/DJ-Rakete-Katjuscha-150x150.jpg 150w, http:\/\/stimmungszeit.com\/wp-content\/uploads\/2021\/12\/DJ-Rakete-Katjuscha-300x300.jpg 300w, http:\/\/stimmungszeit.com\/wp-content\/uploads\/2021\/12\/DJ-Rakete-Katjuscha-1024x1024.jpg 1024w, http:\/\/stimmungszeit.com\/wp-content\/uploads\/2021\/12\/DJ-Rakete-Katjuscha-768x768.jpg 768w, http:\/\/stimmungszeit.com\/wp-content\/uploads\/2021\/12\/DJ-Rakete-Katjuscha-1536x1536.jpg 1536w, http:\/\/stimmungszeit.com\/wp-content\/uploads\/2021\/12\/DJ-Rakete-Katjuscha-2048x2048.jpg 2048w, http:\/\/stimmungszeit.com\/wp-content\/uploads\/2021\/12\/DJ-Rakete-Katjuscha-1140x1140.jpg 1140w, http:\/\/stimmungszeit.com\/wp-content\/uploads\/2021\/12\/DJ-Rakete-Katjuscha-75x75.jpg 75w, http:\/\/stimmungszeit.com\/wp-content\/uploads\/2021\/12\/DJ-Rakete-Katjuscha-640x640.jpg 640w, http:\/\/stimmungszeit.com\/wp-content\/uploads\/2021\/12\/DJ-Rakete-Katjuscha-50x50.jpg 50w\" sizes=\"(max-width: 150px) 100vw, 150px\" \/><\/figure>\n\n\n\n<figure class=\"wp-block-image size-thumbnail\"><img loading=\"lazy\" decoding=\"async\" width=\"150\" height=\"150\" data-id=\"300\" src=\"https:\/\/stimmungszeit.com\/wp-content\/uploads\/2021\/12\/Single-BLAU-IST-DIE-NACHT-Vlady-Slezak-feat.-Zweiklang-150x150.jpg\" alt=\"\" class=\"wp-image-300\" srcset=\"http:\/\/stimmungszeit.com\/wp-content\/uploads\/2021\/12\/Single-BLAU-IST-DIE-NACHT-Vlady-Slezak-feat.-Zweiklang-150x150.jpg 150w, http:\/\/stimmungszeit.com\/wp-content\/uploads\/2021\/12\/Single-BLAU-IST-DIE-NACHT-Vlady-Slezak-feat.-Zweiklang-300x300.jpg 300w, http:\/\/stimmungszeit.com\/wp-content\/uploads\/2021\/12\/Single-BLAU-IST-DIE-NACHT-Vlady-Slezak-feat.-Zweiklang-1024x1024.jpg 1024w, http:\/\/stimmungszeit.com\/wp-content\/uploads\/2021\/12\/Single-BLAU-IST-DIE-NACHT-Vlady-Slezak-feat.-Zweiklang-768x767.jpg 768w, http:\/\/stimmungszeit.com\/wp-content\/uploads\/2021\/12\/Single-BLAU-IST-DIE-NACHT-Vlady-Slezak-feat.-Zweiklang-1140x1138.jpg 1140w, http:\/\/stimmungszeit.com\/wp-content\/uploads\/2021\/12\/Single-BLAU-IST-DIE-NACHT-Vlady-Slezak-feat.-Zweiklang-75x75.jpg 75w, http:\/\/stimmungszeit.com\/wp-content\/uploads\/2021\/12\/Single-BLAU-IST-DIE-NACHT-Vlady-Slezak-feat.-Zweiklang-640x640.jpg 640w, http:\/\/stimmungszeit.com\/wp-content\/uploads\/2021\/12\/Single-BLAU-IST-DIE-NACHT-Vlady-Slezak-feat.-Zweiklang-50x50.jpg 50w, http:\/\/stimmungszeit.com\/wp-content\/uploads\/2021\/12\/Single-BLAU-IST-DIE-NACHT-Vlady-Slezak-feat.-Zweiklang.jpg 1420w\" sizes=\"(max-width: 150px) 100vw, 150px\" \/><\/figure>\n\n\n\n<figure class=\"wp-block-image size-thumbnail\"><img loading=\"lazy\" decoding=\"async\" width=\"150\" height=\"150\" data-id=\"306\" src=\"https:\/\/stimmungszeit.com\/wp-content\/uploads\/2021\/12\/Edward-Simoni-Soulfire-150x150.jpg\" alt=\"\" class=\"wp-image-306\" srcset=\"http:\/\/stimmungszeit.com\/wp-content\/uploads\/2021\/12\/Edward-Simoni-Soulfire-150x150.jpg 150w, http:\/\/stimmungszeit.com\/wp-content\/uploads\/2021\/12\/Edward-Simoni-Soulfire-300x300.jpg 300w, http:\/\/stimmungszeit.com\/wp-content\/uploads\/2021\/12\/Edward-Simoni-Soulfire-1024x1024.jpg 1024w, http:\/\/stimmungszeit.com\/wp-content\/uploads\/2021\/12\/Edward-Simoni-Soulfire-768x768.jpg 768w, http:\/\/stimmungszeit.com\/wp-content\/uploads\/2021\/12\/Edward-Simoni-Soulfire-1536x1536.jpg 1536w, http:\/\/stimmungszeit.com\/wp-content\/uploads\/2021\/12\/Edward-Simoni-Soulfire-2048x2048.jpg 2048w, http:\/\/stimmungszeit.com\/wp-content\/uploads\/2021\/12\/Edward-Simoni-Soulfire-1140x1140.jpg 1140w, http:\/\/stimmungszeit.com\/wp-content\/uploads\/2021\/12\/Edward-Simoni-Soulfire-75x75.jpg 75w, http:\/\/stimmungszeit.com\/wp-content\/uploads\/2021\/12\/Edward-Simoni-Soulfire-640x640.jpg 640w, http:\/\/stimmungszeit.com\/wp-content\/uploads\/2021\/12\/Edward-Simoni-Soulfire-50x50.jpg 50w\" sizes=\"(max-width: 150px) 100vw, 150px\" \/><\/figure>\n\n\n\n<figure class=\"wp-block-image size-thumbnail\"><img loading=\"lazy\" decoding=\"async\" width=\"150\" height=\"150\" data-id=\"301\" src=\"https:\/\/stimmungszeit.com\/wp-content\/uploads\/2021\/12\/Single-Wie-buchstabiert-...-ZWEIKLANG-150x150.jpeg\" alt=\"\" class=\"wp-image-301\" srcset=\"http:\/\/stimmungszeit.com\/wp-content\/uploads\/2021\/12\/Single-Wie-buchstabiert-...-ZWEIKLANG-150x150.jpeg 150w, http:\/\/stimmungszeit.com\/wp-content\/uploads\/2021\/12\/Single-Wie-buchstabiert-...-ZWEIKLANG-300x300.jpeg 300w, http:\/\/stimmungszeit.com\/wp-content\/uploads\/2021\/12\/Single-Wie-buchstabiert-...-ZWEIKLANG.jpeg 1024w, http:\/\/stimmungszeit.com\/wp-content\/uploads\/2021\/12\/Single-Wie-buchstabiert-...-ZWEIKLANG-768x768.jpeg 768w, http:\/\/stimmungszeit.com\/wp-content\/uploads\/2021\/12\/Single-Wie-buchstabiert-...-ZWEIKLANG-75x75.jpeg 75w, http:\/\/stimmungszeit.com\/wp-content\/uploads\/2021\/12\/Single-Wie-buchstabiert-...-ZWEIKLANG-640x640.jpeg 640w, http:\/\/stimmungszeit.com\/wp-content\/uploads\/2021\/12\/Single-Wie-buchstabiert-...-ZWEIKLANG-50x50.jpeg 50w\" sizes=\"(max-width: 150px) 100vw, 150px\" \/><\/figure>\n\n\n\n<figure class=\"wp-block-image size-thumbnail\"><img loading=\"lazy\" decoding=\"async\" width=\"150\" height=\"150\" data-id=\"303\" src=\"https:\/\/stimmungszeit.com\/wp-content\/uploads\/2021\/12\/Single-Cover-Zweiklang-Zwei-Piloten-VOe-04-2021-150x150.jpg\" alt=\"\" class=\"wp-image-303\" srcset=\"http:\/\/stimmungszeit.com\/wp-content\/uploads\/2021\/12\/Single-Cover-Zweiklang-Zwei-Piloten-VOe-04-2021-150x150.jpg 150w, http:\/\/stimmungszeit.com\/wp-content\/uploads\/2021\/12\/Single-Cover-Zweiklang-Zwei-Piloten-VOe-04-2021-300x300.jpg 300w, http:\/\/stimmungszeit.com\/wp-content\/uploads\/2021\/12\/Single-Cover-Zweiklang-Zwei-Piloten-VOe-04-2021-1024x1024.jpg 1024w, http:\/\/stimmungszeit.com\/wp-content\/uploads\/2021\/12\/Single-Cover-Zweiklang-Zwei-Piloten-VOe-04-2021-768x768.jpg 768w, http:\/\/stimmungszeit.com\/wp-content\/uploads\/2021\/12\/Single-Cover-Zweiklang-Zwei-Piloten-VOe-04-2021-1536x1536.jpg 1536w, http:\/\/stimmungszeit.com\/wp-content\/uploads\/2021\/12\/Single-Cover-Zweiklang-Zwei-Piloten-VOe-04-2021-2048x2048.jpg 2048w, http:\/\/stimmungszeit.com\/wp-content\/uploads\/2021\/12\/Single-Cover-Zweiklang-Zwei-Piloten-VOe-04-2021-1140x1140.jpg 1140w, http:\/\/stimmungszeit.com\/wp-content\/uploads\/2021\/12\/Single-Cover-Zweiklang-Zwei-Piloten-VOe-04-2021-75x75.jpg 75w, http:\/\/stimmungszeit.com\/wp-content\/uploads\/2021\/12\/Single-Cover-Zweiklang-Zwei-Piloten-VOe-04-2021-640x640.jpg 640w, http:\/\/stimmungszeit.com\/wp-content\/uploads\/2021\/12\/Single-Cover-Zweiklang-Zwei-Piloten-VOe-04-2021-50x50.jpg 50w\" sizes=\"(max-width: 150px) 100vw, 150px\" \/><\/figure>\n\n\n\n<figure class=\"wp-block-image size-thumbnail\"><img loading=\"lazy\" decoding=\"async\" width=\"150\" height=\"150\" data-id=\"304\" src=\"https:\/\/stimmungszeit.com\/wp-content\/uploads\/2021\/12\/Cover-Sterne-der-Weihnacht-150x150.jpg\" alt=\"\" class=\"wp-image-304\" srcset=\"http:\/\/stimmungszeit.com\/wp-content\/uploads\/2021\/12\/Cover-Sterne-der-Weihnacht-150x150.jpg 150w, http:\/\/stimmungszeit.com\/wp-content\/uploads\/2021\/12\/Cover-Sterne-der-Weihnacht-300x300.jpg 300w, http:\/\/stimmungszeit.com\/wp-content\/uploads\/2021\/12\/Cover-Sterne-der-Weihnacht-1024x1024.jpg 1024w, http:\/\/stimmungszeit.com\/wp-content\/uploads\/2021\/12\/Cover-Sterne-der-Weihnacht-768x768.jpg 768w, http:\/\/stimmungszeit.com\/wp-content\/uploads\/2021\/12\/Cover-Sterne-der-Weihnacht-1140x1140.jpg 1140w, http:\/\/stimmungszeit.com\/wp-content\/uploads\/2021\/12\/Cover-Sterne-der-Weihnacht-75x75.jpg 75w, http:\/\/stimmungszeit.com\/wp-content\/uploads\/2021\/12\/Cover-Sterne-der-Weihnacht-640x640.jpg 640w, http:\/\/stimmungszeit.com\/wp-content\/uploads\/2021\/12\/Cover-Sterne-der-Weihnacht-50x50.jpg 50w, http:\/\/stimmungszeit.com\/wp-content\/uploads\/2021\/12\/Cover-Sterne-der-Weihnacht.jpg 1426w\" sizes=\"(max-width: 150px) 100vw, 150px\" \/><\/figure>\n\n\n\n<figure class=\"wp-block-image size-thumbnail\"><img loading=\"lazy\" decoding=\"async\" width=\"150\" height=\"150\" data-id=\"305\" src=\"https:\/\/stimmungszeit.com\/wp-content\/uploads\/2021\/12\/Edward-Simoni-Over-the-Rainbow-150x150.jpg\" alt=\"\" class=\"wp-image-305\" srcset=\"http:\/\/stimmungszeit.com\/wp-content\/uploads\/2021\/12\/Edward-Simoni-Over-the-Rainbow-150x150.jpg 150w, http:\/\/stimmungszeit.com\/wp-content\/uploads\/2021\/12\/Edward-Simoni-Over-the-Rainbow-300x300.jpg 300w, http:\/\/stimmungszeit.com\/wp-content\/uploads\/2021\/12\/Edward-Simoni-Over-the-Rainbow-1024x1024.jpg 1024w, http:\/\/stimmungszeit.com\/wp-content\/uploads\/2021\/12\/Edward-Simoni-Over-the-Rainbow-768x768.jpg 768w, http:\/\/stimmungszeit.com\/wp-content\/uploads\/2021\/12\/Edward-Simoni-Over-the-Rainbow-1536x1536.jpg 1536w, http:\/\/stimmungszeit.com\/wp-content\/uploads\/2021\/12\/Edward-Simoni-Over-the-Rainbow-2048x2048.jpg 2048w, http:\/\/stimmungszeit.com\/wp-content\/uploads\/2021\/12\/Edward-Simoni-Over-the-Rainbow-1140x1140.jpg 1140w, http:\/\/stimmungszeit.com\/wp-content\/uploads\/2021\/12\/Edward-Simoni-Over-the-Rainbow-75x75.jpg 75w, http:\/\/stimmungszeit.com\/wp-content\/uploads\/2021\/12\/Edward-Simoni-Over-the-Rainbow-640x640.jpg 640w, http:\/\/stimmungszeit.com\/wp-content\/uploads\/2021\/12\/Edward-Simoni-Over-the-Rainbow-50x50.jpg 50w\" sizes=\"(max-width: 150px) 100vw, 150px\" \/><\/figure>\n\n\n\n<figure class=\"wp-block-image size-thumbnail\"><img loading=\"lazy\" decoding=\"async\" width=\"150\" height=\"150\" data-id=\"302\" src=\"https:\/\/stimmungszeit.com\/wp-content\/uploads\/2021\/12\/Single-Cover-Weihnachtsglueck-ZWEIKLANG-150x150.jpg\" alt=\"\" class=\"wp-image-302\" srcset=\"http:\/\/stimmungszeit.com\/wp-content\/uploads\/2021\/12\/Single-Cover-Weihnachtsglueck-ZWEIKLANG-150x150.jpg 150w, http:\/\/stimmungszeit.com\/wp-content\/uploads\/2021\/12\/Single-Cover-Weihnachtsglueck-ZWEIKLANG-300x300.jpg 300w, http:\/\/stimmungszeit.com\/wp-content\/uploads\/2021\/12\/Single-Cover-Weihnachtsglueck-ZWEIKLANG-1024x1018.jpg 1024w, http:\/\/stimmungszeit.com\/wp-content\/uploads\/2021\/12\/Single-Cover-Weihnachtsglueck-ZWEIKLANG-768x763.jpg 768w, http:\/\/stimmungszeit.com\/wp-content\/uploads\/2021\/12\/Single-Cover-Weihnachtsglueck-ZWEIKLANG-1140x1133.jpg 1140w, http:\/\/stimmungszeit.com\/wp-content\/uploads\/2021\/12\/Single-Cover-Weihnachtsglueck-ZWEIKLANG-75x75.jpg 75w, http:\/\/stimmungszeit.com\/wp-content\/uploads\/2021\/12\/Single-Cover-Weihnachtsglueck-ZWEIKLANG-640x640.jpg 640w, http:\/\/stimmungszeit.com\/wp-content\/uploads\/2021\/12\/Single-Cover-Weihnachtsglueck-ZWEIKLANG-50x50.jpg 50w, http:\/\/stimmungszeit.com\/wp-content\/uploads\/2021\/12\/Single-Cover-Weihnachtsglueck-ZWEIKLANG.jpg 1497w\" sizes=\"(max-width: 150px) 100vw, 150px\" \/><\/figure>\n\n\n\n<figure class=\"wp-block-image size-thumbnail\"><img loading=\"lazy\" decoding=\"async\" width=\"150\" height=\"150\" data-id=\"375\" src=\"https:\/\/stimmungszeit.com\/wp-content\/uploads\/2024\/12\/The-Christmas-Orchestra-Christmas-Time-150x150.jpg\" alt=\"\" class=\"wp-image-375\" srcset=\"http:\/\/stimmungszeit.com\/wp-content\/uploads\/2024\/12\/The-Christmas-Orchestra-Christmas-Time-150x150.jpg 150w, http:\/\/stimmungszeit.com\/wp-content\/uploads\/2024\/12\/The-Christmas-Orchestra-Christmas-Time-300x300.jpg 300w, http:\/\/stimmungszeit.com\/wp-content\/uploads\/2024\/12\/The-Christmas-Orchestra-Christmas-Time-1024x1024.jpg 1024w, http:\/\/stimmungszeit.com\/wp-content\/uploads\/2024\/12\/The-Christmas-Orchestra-Christmas-Time-768x768.jpg 768w, http:\/\/stimmungszeit.com\/wp-content\/uploads\/2024\/12\/The-Christmas-Orchestra-Christmas-Time-1536x1536.jpg 1536w, http:\/\/stimmungszeit.com\/wp-content\/uploads\/2024\/12\/The-Christmas-Orchestra-Christmas-Time-2048x2048.jpg 2048w, http:\/\/stimmungszeit.com\/wp-content\/uploads\/2024\/12\/The-Christmas-Orchestra-Christmas-Time-1140x1140.jpg 1140w, http:\/\/stimmungszeit.com\/wp-content\/uploads\/2024\/12\/The-Christmas-Orchestra-Christmas-Time-75x75.jpg 75w, http:\/\/stimmungszeit.com\/wp-content\/uploads\/2024\/12\/The-Christmas-Orchestra-Christmas-Time-640x640.jpg 640w, http:\/\/stimmungszeit.com\/wp-content\/uploads\/2024\/12\/The-Christmas-Orchestra-Christmas-Time-50x50.jpg 50w\" sizes=\"(max-width: 150px) 100vw, 150px\" \/><\/figure>\n\n\n\n<figure class=\"wp-block-image size-thumbnail\"><img loading=\"lazy\" decoding=\"async\" width=\"150\" height=\"150\" data-id=\"377\" src=\"https:\/\/stimmungszeit.com\/wp-content\/uploads\/2024\/12\/Single-Dann-glaubst-du-der-Himmel-stuerzt-ein-150x150.jpg\" alt=\"\" class=\"wp-image-377\" srcset=\"http:\/\/stimmungszeit.com\/wp-content\/uploads\/2024\/12\/Single-Dann-glaubst-du-der-Himmel-stuerzt-ein-150x150.jpg 150w, http:\/\/stimmungszeit.com\/wp-content\/uploads\/2024\/12\/Single-Dann-glaubst-du-der-Himmel-stuerzt-ein-300x300.jpg 300w, http:\/\/stimmungszeit.com\/wp-content\/uploads\/2024\/12\/Single-Dann-glaubst-du-der-Himmel-stuerzt-ein-1024x1024.jpg 1024w, http:\/\/stimmungszeit.com\/wp-content\/uploads\/2024\/12\/Single-Dann-glaubst-du-der-Himmel-stuerzt-ein-768x768.jpg 768w, http:\/\/stimmungszeit.com\/wp-content\/uploads\/2024\/12\/Single-Dann-glaubst-du-der-Himmel-stuerzt-ein-1536x1536.jpg 1536w, http:\/\/stimmungszeit.com\/wp-content\/uploads\/2024\/12\/Single-Dann-glaubst-du-der-Himmel-stuerzt-ein-2048x2048.jpg 2048w, http:\/\/stimmungszeit.com\/wp-content\/uploads\/2024\/12\/Single-Dann-glaubst-du-der-Himmel-stuerzt-ein-1140x1140.jpg 1140w, http:\/\/stimmungszeit.com\/wp-content\/uploads\/2024\/12\/Single-Dann-glaubst-du-der-Himmel-stuerzt-ein-75x75.jpg 75w, http:\/\/stimmungszeit.com\/wp-content\/uploads\/2024\/12\/Single-Dann-glaubst-du-der-Himmel-stuerzt-ein-640x640.jpg 640w, http:\/\/stimmungszeit.com\/wp-content\/uploads\/2024\/12\/Single-Dann-glaubst-du-der-Himmel-stuerzt-ein-50x50.jpg 50w\" sizes=\"(max-width: 150px) 100vw, 150px\" \/><\/figure>\n\n\n\n<figure class=\"wp-block-image size-thumbnail\"><img loading=\"lazy\" decoding=\"async\" width=\"150\" height=\"150\" data-id=\"378\" src=\"https:\/\/stimmungszeit.com\/wp-content\/uploads\/2024\/12\/Single-Happy-Xmas-War-is-over-12-2024-150x150.jpg\" alt=\"\" class=\"wp-image-378\" srcset=\"http:\/\/stimmungszeit.com\/wp-content\/uploads\/2024\/12\/Single-Happy-Xmas-War-is-over-12-2024-150x150.jpg 150w, http:\/\/stimmungszeit.com\/wp-content\/uploads\/2024\/12\/Single-Happy-Xmas-War-is-over-12-2024-300x300.jpg 300w, http:\/\/stimmungszeit.com\/wp-content\/uploads\/2024\/12\/Single-Happy-Xmas-War-is-over-12-2024-1024x1024.jpg 1024w, http:\/\/stimmungszeit.com\/wp-content\/uploads\/2024\/12\/Single-Happy-Xmas-War-is-over-12-2024-768x768.jpg 768w, http:\/\/stimmungszeit.com\/wp-content\/uploads\/2024\/12\/Single-Happy-Xmas-War-is-over-12-2024-1536x1536.jpg 1536w, http:\/\/stimmungszeit.com\/wp-content\/uploads\/2024\/12\/Single-Happy-Xmas-War-is-over-12-2024-2048x2048.jpg 2048w, http:\/\/stimmungszeit.com\/wp-content\/uploads\/2024\/12\/Single-Happy-Xmas-War-is-over-12-2024-1140x1140.jpg 1140w, http:\/\/stimmungszeit.com\/wp-content\/uploads\/2024\/12\/Single-Happy-Xmas-War-is-over-12-2024-75x75.jpg 75w, http:\/\/stimmungszeit.com\/wp-content\/uploads\/2024\/12\/Single-Happy-Xmas-War-is-over-12-2024-640x640.jpg 640w, http:\/\/stimmungszeit.com\/wp-content\/uploads\/2024\/12\/Single-Happy-Xmas-War-is-over-12-2024-50x50.jpg 50w\" sizes=\"(max-width: 150px) 100vw, 150px\" \/><\/figure>\n\n\n\n<figure class=\"wp-block-image size-thumbnail\"><img loading=\"lazy\" decoding=\"async\" width=\"150\" height=\"150\" data-id=\"379\" src=\"https:\/\/stimmungszeit.com\/wp-content\/uploads\/2024\/12\/Single-Cover-LIEBE-IN-GESCHENKPAPIER-2-150x150.jpg\" alt=\"\" class=\"wp-image-379\" srcset=\"http:\/\/stimmungszeit.com\/wp-content\/uploads\/2024\/12\/Single-Cover-LIEBE-IN-GESCHENKPAPIER-2-150x150.jpg 150w, http:\/\/stimmungszeit.com\/wp-content\/uploads\/2024\/12\/Single-Cover-LIEBE-IN-GESCHENKPAPIER-2-300x300.jpg 300w, http:\/\/stimmungszeit.com\/wp-content\/uploads\/2024\/12\/Single-Cover-LIEBE-IN-GESCHENKPAPIER-2-1024x1024.jpg 1024w, http:\/\/stimmungszeit.com\/wp-content\/uploads\/2024\/12\/Single-Cover-LIEBE-IN-GESCHENKPAPIER-2-768x768.jpg 768w, http:\/\/stimmungszeit.com\/wp-content\/uploads\/2024\/12\/Single-Cover-LIEBE-IN-GESCHENKPAPIER-2-1536x1536.jpg 1536w, http:\/\/stimmungszeit.com\/wp-content\/uploads\/2024\/12\/Single-Cover-LIEBE-IN-GESCHENKPAPIER-2-2048x2048.jpg 2048w, http:\/\/stimmungszeit.com\/wp-content\/uploads\/2024\/12\/Single-Cover-LIEBE-IN-GESCHENKPAPIER-2-1140x1140.jpg 1140w, http:\/\/stimmungszeit.com\/wp-content\/uploads\/2024\/12\/Single-Cover-LIEBE-IN-GESCHENKPAPIER-2-75x75.jpg 75w, http:\/\/stimmungszeit.com\/wp-content\/uploads\/2024\/12\/Single-Cover-LIEBE-IN-GESCHENKPAPIER-2-640x640.jpg 640w, http:\/\/stimmungszeit.com\/wp-content\/uploads\/2024\/12\/Single-Cover-LIEBE-IN-GESCHENKPAPIER-2-50x50.jpg 50w\" sizes=\"(max-width: 150px) 100vw, 150px\" \/><\/figure>\n\n\n\n<figure class=\"wp-block-image size-thumbnail\"><img loading=\"lazy\" decoding=\"async\" width=\"150\" height=\"150\" data-id=\"380\" src=\"https:\/\/stimmungszeit.com\/wp-content\/uploads\/2024\/12\/Single-In-der-Weihnachtsbaeckerei-11-2022-150x150.jpg\" alt=\"\" class=\"wp-image-380\" srcset=\"http:\/\/stimmungszeit.com\/wp-content\/uploads\/2024\/12\/Single-In-der-Weihnachtsbaeckerei-11-2022-150x150.jpg 150w, http:\/\/stimmungszeit.com\/wp-content\/uploads\/2024\/12\/Single-In-der-Weihnachtsbaeckerei-11-2022-300x300.jpg 300w, http:\/\/stimmungszeit.com\/wp-content\/uploads\/2024\/12\/Single-In-der-Weihnachtsbaeckerei-11-2022-1022x1024.jpg 1022w, http:\/\/stimmungszeit.com\/wp-content\/uploads\/2024\/12\/Single-In-der-Weihnachtsbaeckerei-11-2022-768x770.jpg 768w, http:\/\/stimmungszeit.com\/wp-content\/uploads\/2024\/12\/Single-In-der-Weihnachtsbaeckerei-11-2022-1140x1142.jpg 1140w, http:\/\/stimmungszeit.com\/wp-content\/uploads\/2024\/12\/Single-In-der-Weihnachtsbaeckerei-11-2022-75x75.jpg 75w, http:\/\/stimmungszeit.com\/wp-content\/uploads\/2024\/12\/Single-In-der-Weihnachtsbaeckerei-11-2022-640x640.jpg 640w, http:\/\/stimmungszeit.com\/wp-content\/uploads\/2024\/12\/Single-In-der-Weihnachtsbaeckerei-11-2022-50x50.jpg 50w, http:\/\/stimmungszeit.com\/wp-content\/uploads\/2024\/12\/Single-In-der-Weihnachtsbaeckerei-11-2022.jpg 1488w\" sizes=\"(max-width: 150px) 100vw, 150px\" \/><\/figure>\n\n\n\n<figure class=\"wp-block-image size-thumbnail\"><img loading=\"lazy\" decoding=\"async\" width=\"150\" height=\"150\" data-id=\"381\" src=\"https:\/\/stimmungszeit.com\/wp-content\/uploads\/2024\/12\/Cover-Meisterwerke-Vol.1-Vers.-Rose-final-150x150.jpg\" alt=\"\" class=\"wp-image-381\" srcset=\"http:\/\/stimmungszeit.com\/wp-content\/uploads\/2024\/12\/Cover-Meisterwerke-Vol.1-Vers.-Rose-final-150x150.jpg 150w, http:\/\/stimmungszeit.com\/wp-content\/uploads\/2024\/12\/Cover-Meisterwerke-Vol.1-Vers.-Rose-final-300x300.jpg 300w, http:\/\/stimmungszeit.com\/wp-content\/uploads\/2024\/12\/Cover-Meisterwerke-Vol.1-Vers.-Rose-final-1024x1024.jpg 1024w, http:\/\/stimmungszeit.com\/wp-content\/uploads\/2024\/12\/Cover-Meisterwerke-Vol.1-Vers.-Rose-final-768x768.jpg 768w, http:\/\/stimmungszeit.com\/wp-content\/uploads\/2024\/12\/Cover-Meisterwerke-Vol.1-Vers.-Rose-final-1536x1536.jpg 1536w, http:\/\/stimmungszeit.com\/wp-content\/uploads\/2024\/12\/Cover-Meisterwerke-Vol.1-Vers.-Rose-final-2048x2048.jpg 2048w, http:\/\/stimmungszeit.com\/wp-content\/uploads\/2024\/12\/Cover-Meisterwerke-Vol.1-Vers.-Rose-final-1140x1140.jpg 1140w, http:\/\/stimmungszeit.com\/wp-content\/uploads\/2024\/12\/Cover-Meisterwerke-Vol.1-Vers.-Rose-final-75x75.jpg 75w, http:\/\/stimmungszeit.com\/wp-content\/uploads\/2024\/12\/Cover-Meisterwerke-Vol.1-Vers.-Rose-final-640x640.jpg 640w, http:\/\/stimmungszeit.com\/wp-content\/uploads\/2024\/12\/Cover-Meisterwerke-Vol.1-Vers.-Rose-final-50x50.jpg 50w\" sizes=\"(max-width: 150px) 100vw, 150px\" \/><\/figure>\n<\/figure>\n\n\n\n<div style=\"height:20px\" aria-hidden=\"true\" class=\"wp-block-spacer\"><\/div>\n\n\n\n<p><\/p>\n\n\n\n<h2 class=\"wp-block-heading\"><em>Studio<\/em><\/h2>\n\n\n\n<p>Im Altstadt-Studio von Stimmungszeit entstehen, neben den Eigenproduktionen f\u00fcr unsere Exklusivk\u00fcnstler, auch Demos und Auftragsproduktionen f\u00fcr andere K\u00fcnstler und Schallplattenlabels. Au\u00dfer der Komposition, dem Arrangement und der Synchronisation von Hauptgesang und Ch\u00f6ren, produzieren wir bis zum Master ver\u00f6ffentlichungsreife Songs und Musikproduktionen.<\/p>\n\n\n\n<p>U.a. haben schon Eberhard Hertel, Gerda Gabriel, die \u201eTh\u00fcringenspatzen\u201c, Uwe Jensen und Willi Seitz vor unserem Mikro gestanden und wir haben u.a. mit Anita Hegerland (Mike Oldfield, Roy Black), der Goombay Dance Band, Lena Valaitis, den \u201eWildecker Herzbuben\u201c, Birgit Langer, Patrizius, Edward Simoni, Achim Mentzel, Bata Illic, Michaela Zondler, Chris Roberts und den \u201eCannons\u201c gearbeitet.<\/p>\n\n\n\n<div style=\"height:20px\" aria-hidden=\"true\" class=\"wp-block-spacer\"><\/div>\n\n\n\n<figure class=\"wp-block-gallery has-nested-images columns-default is-cropped wp-block-gallery-2 is-layout-flex wp-block-gallery-is-layout-flex\">\n<figure class=\"wp-block-image size-medium\"><a href=\"https:\/\/stimmungszeit.com\/wp-content\/uploads\/2020\/10\/studio01.jpg\"><img loading=\"lazy\" decoding=\"async\" width=\"300\" height=\"200\" data-id=\"172\" src=\"https:\/\/stimmungszeit.com\/wp-content\/uploads\/2020\/10\/studio01-300x200.jpg\" alt=\"\" class=\"wp-image-172\" srcset=\"http:\/\/stimmungszeit.com\/wp-content\/uploads\/2020\/10\/studio01-300x200.jpg 300w, http:\/\/stimmungszeit.com\/wp-content\/uploads\/2020\/10\/studio01-768x512.jpg 768w, http:\/\/stimmungszeit.com\/wp-content\/uploads\/2020\/10\/studio01.jpg 800w\" sizes=\"(max-width: 300px) 100vw, 300px\" \/><\/a><\/figure>\n\n\n\n<figure class=\"wp-block-image size-medium\"><a href=\"https:\/\/stimmungszeit.com\/wp-content\/uploads\/2020\/10\/studio02.jpg\"><img loading=\"lazy\" decoding=\"async\" width=\"300\" height=\"200\" data-id=\"173\" src=\"https:\/\/stimmungszeit.com\/wp-content\/uploads\/2020\/10\/studio02-300x200.jpg\" alt=\"\" class=\"wp-image-173\" srcset=\"http:\/\/stimmungszeit.com\/wp-content\/uploads\/2020\/10\/studio02-300x200.jpg 300w, http:\/\/stimmungszeit.com\/wp-content\/uploads\/2020\/10\/studio02-768x513.jpg 768w, http:\/\/stimmungszeit.com\/wp-content\/uploads\/2020\/10\/studio02.jpg 800w\" sizes=\"(max-width: 300px) 100vw, 300px\" \/><\/a><\/figure>\n\n\n\n<figure class=\"wp-block-image size-medium\"><a href=\"https:\/\/stimmungszeit.com\/wp-content\/uploads\/2020\/10\/studio03.jpg\"><img loading=\"lazy\" decoding=\"async\" width=\"300\" height=\"200\" data-id=\"174\" src=\"https:\/\/stimmungszeit.com\/wp-content\/uploads\/2020\/10\/studio03-300x200.jpg\" alt=\"\" class=\"wp-image-174\" srcset=\"http:\/\/stimmungszeit.com\/wp-content\/uploads\/2020\/10\/studio03-300x200.jpg 300w, http:\/\/stimmungszeit.com\/wp-content\/uploads\/2020\/10\/studio03-768x513.jpg 768w, http:\/\/stimmungszeit.com\/wp-content\/uploads\/2020\/10\/studio03.jpg 800w\" sizes=\"(max-width: 300px) 100vw, 300px\" \/><\/a><\/figure>\n<\/figure>\n\n\n\n<div style=\"height:20px\" aria-hidden=\"true\" class=\"wp-block-spacer\"><\/div>\n\n\n\n<h2 class=\"wp-block-heading\"><em>Musikverlag<\/em><\/h2>\n\n\n\n<p>Edition Stimmungszeit und der Stimmungszeit Musikverlag wahren nicht nur die Rechte unserer eigenen Produktionen, sondern \u00fcbernehmen auch die administrativen F\u00e4den rund um Ihre Musikwerke und Ver\u00f6ffentlichungen.<\/p>\n\n\n\n<figure class=\"wp-block-gallery has-nested-images columns-default is-cropped wp-block-gallery-3 is-layout-flex wp-block-gallery-is-layout-flex\">\n<figure class=\"wp-block-image size-large\"><img loading=\"lazy\" decoding=\"async\" width=\"724\" height=\"1024\" data-id=\"210\" src=\"https:\/\/stimmungszeit.com\/wp-content\/uploads\/2020\/10\/Schattenseiten-page1-1-724x1024.jpg\" alt=\"\" class=\"wp-image-210\" srcset=\"http:\/\/stimmungszeit.com\/wp-content\/uploads\/2020\/10\/Schattenseiten-page1-1-724x1024.jpg 724w, http:\/\/stimmungszeit.com\/wp-content\/uploads\/2020\/10\/Schattenseiten-page1-1-212x300.jpg 212w, http:\/\/stimmungszeit.com\/wp-content\/uploads\/2020\/10\/Schattenseiten-page1-1-768x1087.jpg 768w, http:\/\/stimmungszeit.com\/wp-content\/uploads\/2020\/10\/Schattenseiten-page1-1-1086x1536.jpg 1086w, http:\/\/stimmungszeit.com\/wp-content\/uploads\/2020\/10\/Schattenseiten-page1-1-1447x2048.jpg 1447w, http:\/\/stimmungszeit.com\/wp-content\/uploads\/2020\/10\/Schattenseiten-page1-1-1140x1613.jpg 1140w, http:\/\/stimmungszeit.com\/wp-content\/uploads\/2020\/10\/Schattenseiten-page1-1.jpg 1653w\" sizes=\"(max-width: 724px) 100vw, 724px\" \/><\/figure>\n\n\n\n<figure class=\"wp-block-image size-large\"><img loading=\"lazy\" decoding=\"async\" width=\"724\" height=\"1024\" data-id=\"211\" src=\"https:\/\/stimmungszeit.com\/wp-content\/uploads\/2020\/10\/Schattenseiten-page2-1-724x1024.jpg\" alt=\"\" class=\"wp-image-211\" srcset=\"http:\/\/stimmungszeit.com\/wp-content\/uploads\/2020\/10\/Schattenseiten-page2-1-724x1024.jpg 724w, http:\/\/stimmungszeit.com\/wp-content\/uploads\/2020\/10\/Schattenseiten-page2-1-212x300.jpg 212w, http:\/\/stimmungszeit.com\/wp-content\/uploads\/2020\/10\/Schattenseiten-page2-1-768x1087.jpg 768w, http:\/\/stimmungszeit.com\/wp-content\/uploads\/2020\/10\/Schattenseiten-page2-1-1086x1536.jpg 1086w, http:\/\/stimmungszeit.com\/wp-content\/uploads\/2020\/10\/Schattenseiten-page2-1-1447x2048.jpg 1447w, http:\/\/stimmungszeit.com\/wp-content\/uploads\/2020\/10\/Schattenseiten-page2-1-1140x1613.jpg 1140w, http:\/\/stimmungszeit.com\/wp-content\/uploads\/2020\/10\/Schattenseiten-page2-1.jpg 1653w\" sizes=\"(max-width: 724px) 100vw, 724px\" \/><\/figure>\n\n\n\n<figure class=\"wp-block-image size-large\"><img loading=\"lazy\" decoding=\"async\" width=\"724\" height=\"1024\" data-id=\"212\" src=\"https:\/\/stimmungszeit.com\/wp-content\/uploads\/2020\/10\/Weihnacht-mit-Dir-2-724x1024.jpg\" alt=\"\" class=\"wp-image-212\" srcset=\"http:\/\/stimmungszeit.com\/wp-content\/uploads\/2020\/10\/Weihnacht-mit-Dir-2-724x1024.jpg 724w, http:\/\/stimmungszeit.com\/wp-content\/uploads\/2020\/10\/Weihnacht-mit-Dir-2-212x300.jpg 212w, http:\/\/stimmungszeit.com\/wp-content\/uploads\/2020\/10\/Weihnacht-mit-Dir-2-768x1087.jpg 768w, http:\/\/stimmungszeit.com\/wp-content\/uploads\/2020\/10\/Weihnacht-mit-Dir-2-1086x1536.jpg 1086w, http:\/\/stimmungszeit.com\/wp-content\/uploads\/2020\/10\/Weihnacht-mit-Dir-2-1447x2048.jpg 1447w, http:\/\/stimmungszeit.com\/wp-content\/uploads\/2020\/10\/Weihnacht-mit-Dir-2-1140x1613.jpg 1140w, http:\/\/stimmungszeit.com\/wp-content\/uploads\/2020\/10\/Weihnacht-mit-Dir-2.jpg 1653w\" sizes=\"(max-width: 724px) 100vw, 724px\" \/><\/figure>\n<\/figure>\n\n\n\n<div style=\"height:20px\" aria-hidden=\"true\" class=\"wp-block-spacer\"><\/div>\n\n\n\n<h2 class=\"wp-block-heading\"><em>Medienproduktion<\/em><\/h2>\n\n\n\n<p>In Zeiten wo TV-Sendungen fast nur mit denselben Interpreten besetzt werden, schaffen wir Ideen und Konzepte f\u00fcr neue Unterhaltungsformate und produzieren diese im Auftrag von namhaften Fernsehanstalten oder in Eigenregie.<\/p>\n\n\n\n<p>Unsere eigenen TV-Projekte bisher sind:<\/p>\n\n\n\n<div style=\"height:20px\" aria-hidden=\"true\" class=\"wp-block-spacer\"><\/div>\n\n\n\n<p><\/p>\n\n\n\n<div class=\"wp-block-columns is-layout-flex wp-container-core-columns-layout-1 wp-block-columns-is-layout-flex\">\n<div class=\"wp-block-column is-layout-flow wp-block-column-is-layout-flow\">\n<p>\u201eDie gro\u00dfe Silvestersause\u201c (2017,2019) <\/p>\n<\/div>\n\n\n\n<div class=\"wp-block-column is-layout-flow wp-block-column-is-layout-flow\"><div class=\"wp-block-image\">\n<figure class=\"alignleft size-large\"><img loading=\"lazy\" decoding=\"async\" width=\"200\" height=\"100\" src=\"http:\/\/stimmungszeit.com\/wp-content\/uploads\/2020\/10\/logo_mytvplus.jpg\" alt=\"\" class=\"wp-image-165\"\/><\/figure><\/div><\/div>\n\n\n\n<div class=\"wp-block-column is-layout-flow wp-block-column-is-layout-flow\"><div class=\"wp-block-image\">\n<figure class=\"aligncenter size-large\"><img loading=\"lazy\" decoding=\"async\" width=\"200\" height=\"100\" src=\"http:\/\/stimmungszeit.com\/wp-content\/uploads\/2020\/10\/logo_silvestersause.jpg\" alt=\"\" class=\"wp-image-164\"\/><\/figure><\/div><\/div>\n<\/div>\n\n\n\n<div class=\"wp-block-columns is-layout-flex wp-container-core-columns-layout-2 wp-block-columns-is-layout-flex\">\n<div class=\"wp-block-column is-layout-flow wp-block-column-is-layout-flow\">\n<p>\u201eGoldene SchlagerJuwelen\u201c    (ab 2020) <\/p>\n<\/div>\n\n\n\n<div class=\"wp-block-column is-layout-flow wp-block-column-is-layout-flow\"><div class=\"wp-block-image\">\n<figure class=\"aligncenter size-full\"><img loading=\"lazy\" decoding=\"async\" width=\"2560\" height=\"1076\" src=\"http:\/\/stimmungszeit.com\/wp-content\/uploads\/2020\/10\/GLTV-LOGO-HD-scaled.jpg\" alt=\"\" class=\"wp-image-208\" srcset=\"http:\/\/stimmungszeit.com\/wp-content\/uploads\/2020\/10\/GLTV-LOGO-HD-scaled.jpg 2560w, http:\/\/stimmungszeit.com\/wp-content\/uploads\/2020\/10\/GLTV-LOGO-HD-300x126.jpg 300w, http:\/\/stimmungszeit.com\/wp-content\/uploads\/2020\/10\/GLTV-LOGO-HD-1024x430.jpg 1024w, http:\/\/stimmungszeit.com\/wp-content\/uploads\/2020\/10\/GLTV-LOGO-HD-768x323.jpg 768w, http:\/\/stimmungszeit.com\/wp-content\/uploads\/2020\/10\/GLTV-LOGO-HD-1536x646.jpg 1536w, http:\/\/stimmungszeit.com\/wp-content\/uploads\/2020\/10\/GLTV-LOGO-HD-2048x861.jpg 2048w, http:\/\/stimmungszeit.com\/wp-content\/uploads\/2020\/10\/GLTV-LOGO-HD-1140x479.jpg 1140w\" sizes=\"(max-width: 2560px) 100vw, 2560px\" \/><\/figure><\/div><\/div>\n\n\n\n<div class=\"wp-block-column is-layout-flow wp-block-column-is-layout-flow\"><div class=\"wp-block-image\">\n<figure class=\"aligncenter size-large\"><img loading=\"lazy\" decoding=\"async\" width=\"1024\" height=\"597\" src=\"http:\/\/stimmungszeit.com\/wp-content\/uploads\/2020\/10\/logo-schlagerjuwelen-1-1024x597.jpg\" alt=\"\" class=\"wp-image-207\" srcset=\"http:\/\/stimmungszeit.com\/wp-content\/uploads\/2020\/10\/logo-schlagerjuwelen-1-1024x597.jpg 1024w, http:\/\/stimmungszeit.com\/wp-content\/uploads\/2020\/10\/logo-schlagerjuwelen-1-300x175.jpg 300w, http:\/\/stimmungszeit.com\/wp-content\/uploads\/2020\/10\/logo-schlagerjuwelen-1-768x448.jpg 768w, http:\/\/stimmungszeit.com\/wp-content\/uploads\/2020\/10\/logo-schlagerjuwelen-1-1536x895.jpg 1536w, http:\/\/stimmungszeit.com\/wp-content\/uploads\/2020\/10\/logo-schlagerjuwelen-1-2048x1194.jpg 2048w, http:\/\/stimmungszeit.com\/wp-content\/uploads\/2020\/10\/logo-schlagerjuwelen-1-1140x664.jpg 1140w\" sizes=\"(max-width: 1024px) 100vw, 1024px\" \/><\/figure><\/div><\/div>\n<\/div>\n\n\n\n<p><\/p>\n\n\n\n<figure class=\"wp-block-gallery aligncenter has-nested-images columns-default is-cropped wp-block-gallery-4 is-layout-flex wp-block-gallery-is-layout-flex\">\n<figure class=\"wp-block-image size-large\"><a href=\"https:\/\/stimmungszeit.com\/wp-content\/uploads\/2020\/10\/musikmedia01.jpg\"><img loading=\"lazy\" decoding=\"async\" width=\"800\" height=\"599\" data-id=\"153\" src=\"https:\/\/stimmungszeit.com\/wp-content\/uploads\/2020\/10\/musikmedia01.jpg\" alt=\"\" class=\"wp-image-153\" srcset=\"http:\/\/stimmungszeit.com\/wp-content\/uploads\/2020\/10\/musikmedia01.jpg 800w, http:\/\/stimmungszeit.com\/wp-content\/uploads\/2020\/10\/musikmedia01-300x225.jpg 300w, http:\/\/stimmungszeit.com\/wp-content\/uploads\/2020\/10\/musikmedia01-768x575.jpg 768w\" sizes=\"(max-width: 800px) 100vw, 800px\" \/><\/a><\/figure>\n\n\n\n<figure class=\"wp-block-image size-large\"><a href=\"https:\/\/stimmungszeit.com\/wp-content\/uploads\/2020\/10\/musikmedia02.jpg\"><img loading=\"lazy\" decoding=\"async\" width=\"800\" height=\"599\" data-id=\"154\" src=\"https:\/\/stimmungszeit.com\/wp-content\/uploads\/2020\/10\/musikmedia02.jpg\" alt=\"\" class=\"wp-image-154\" srcset=\"http:\/\/stimmungszeit.com\/wp-content\/uploads\/2020\/10\/musikmedia02.jpg 800w, http:\/\/stimmungszeit.com\/wp-content\/uploads\/2020\/10\/musikmedia02-300x225.jpg 300w, http:\/\/stimmungszeit.com\/wp-content\/uploads\/2020\/10\/musikmedia02-768x575.jpg 768w\" sizes=\"(max-width: 800px) 100vw, 800px\" \/><\/a><\/figure>\n\n\n\n<figure class=\"wp-block-image size-large\"><a href=\"https:\/\/stimmungszeit.com\/wp-content\/uploads\/2020\/10\/musikmedia03.jpg\"><img loading=\"lazy\" decoding=\"async\" width=\"800\" height=\"600\" data-id=\"155\" src=\"https:\/\/stimmungszeit.com\/wp-content\/uploads\/2020\/10\/musikmedia03.jpg\" alt=\"\" class=\"wp-image-155\" srcset=\"http:\/\/stimmungszeit.com\/wp-content\/uploads\/2020\/10\/musikmedia03.jpg 800w, http:\/\/stimmungszeit.com\/wp-content\/uploads\/2020\/10\/musikmedia03-300x225.jpg 300w, http:\/\/stimmungszeit.com\/wp-content\/uploads\/2020\/10\/musikmedia03-768x576.jpg 768w\" sizes=\"(max-width: 800px) 100vw, 800px\" \/><\/a><\/figure>\n\n\n\n<figure class=\"wp-block-image size-large\"><a href=\"https:\/\/stimmungszeit.com\/wp-content\/uploads\/2020\/10\/musikmedia04.jpg\"><img loading=\"lazy\" decoding=\"async\" width=\"800\" height=\"600\" data-id=\"156\" src=\"https:\/\/stimmungszeit.com\/wp-content\/uploads\/2020\/10\/musikmedia04.jpg\" alt=\"\" class=\"wp-image-156\" srcset=\"http:\/\/stimmungszeit.com\/wp-content\/uploads\/2020\/10\/musikmedia04.jpg 800w, http:\/\/stimmungszeit.com\/wp-content\/uploads\/2020\/10\/musikmedia04-300x225.jpg 300w, http:\/\/stimmungszeit.com\/wp-content\/uploads\/2020\/10\/musikmedia04-768x576.jpg 768w\" sizes=\"(max-width: 800px) 100vw, 800px\" \/><\/a><\/figure>\n\n\n\n<figure class=\"wp-block-image size-large\"><a href=\"https:\/\/stimmungszeit.com\/wp-content\/uploads\/2020\/10\/musikmedia05.jpg\"><img loading=\"lazy\" decoding=\"async\" width=\"800\" height=\"600\" data-id=\"157\" src=\"https:\/\/stimmungszeit.com\/wp-content\/uploads\/2020\/10\/musikmedia05.jpg\" alt=\"\" class=\"wp-image-157\" srcset=\"http:\/\/stimmungszeit.com\/wp-content\/uploads\/2020\/10\/musikmedia05.jpg 800w, http:\/\/stimmungszeit.com\/wp-content\/uploads\/2020\/10\/musikmedia05-300x225.jpg 300w, http:\/\/stimmungszeit.com\/wp-content\/uploads\/2020\/10\/musikmedia05-768x576.jpg 768w\" sizes=\"(max-width: 800px) 100vw, 800px\" \/><\/a><\/figure>\n\n\n\n<figure class=\"wp-block-image size-large\"><a href=\"https:\/\/stimmungszeit.com\/wp-content\/uploads\/2020\/10\/musikmedia06.jpg\"><img loading=\"lazy\" decoding=\"async\" width=\"800\" height=\"600\" data-id=\"158\" src=\"https:\/\/stimmungszeit.com\/wp-content\/uploads\/2020\/10\/musikmedia06.jpg\" alt=\"\" class=\"wp-image-158\" srcset=\"http:\/\/stimmungszeit.com\/wp-content\/uploads\/2020\/10\/musikmedia06.jpg 800w, http:\/\/stimmungszeit.com\/wp-content\/uploads\/2020\/10\/musikmedia06-300x225.jpg 300w, http:\/\/stimmungszeit.com\/wp-content\/uploads\/2020\/10\/musikmedia06-768x576.jpg 768w\" sizes=\"(max-width: 800px) 100vw, 800px\" \/><\/a><\/figure>\n<figcaption class=\"blocks-gallery-caption wp-element-caption\">Fotonachweis: <em>Stimmungszeit Musik &amp; Media<\/em><\/figcaption><\/figure>\n\n\n\n<p><\/p>\n\n\n\n<figure class=\"wp-block-gallery aligncenter has-nested-images columns-default is-cropped wp-block-gallery-5 is-layout-flex wp-block-gallery-is-layout-flex\">\n<figure class=\"wp-block-image size-large\"><img loading=\"lazy\" decoding=\"async\" width=\"2560\" height=\"1852\" data-id=\"217\" src=\"https:\/\/stimmungszeit.com\/wp-content\/uploads\/2020\/10\/Goldene_Schlager_Juwelen-0465-scaled.jpg\" alt=\"\" class=\"wp-image-217\" srcset=\"http:\/\/stimmungszeit.com\/wp-content\/uploads\/2020\/10\/Goldene_Schlager_Juwelen-0465-scaled.jpg 2560w, http:\/\/stimmungszeit.com\/wp-content\/uploads\/2020\/10\/Goldene_Schlager_Juwelen-0465-300x217.jpg 300w, http:\/\/stimmungszeit.com\/wp-content\/uploads\/2020\/10\/Goldene_Schlager_Juwelen-0465-768x556.jpg 768w, http:\/\/stimmungszeit.com\/wp-content\/uploads\/2020\/10\/Goldene_Schlager_Juwelen-0465-2048x1482.jpg 2048w\" sizes=\"(max-width: 2560px) 100vw, 2560px\" \/><figcaption class=\"wp-element-caption\">TV-Aufzeichnung &#8222;Goldene Schlager Juwelen&#8220; in der &#8222;Kanone&#8220; Tautenhain \/ Thueringen mit Kay Doerfel\nFoto: Uwe Toelle fuer Klambt-Verlag, 01.09.2020 \n\nAls Fotonachweis bitte: Uwe T\u00f6lle\/Super TV, sowie die Ausgabe der SuperTV Nr. 38\/20, in der die Ver\u00f6ffentlichung stattindet.<\/figcaption><\/figure>\n\n\n\n<figure class=\"wp-block-image size-large\"><img loading=\"lazy\" decoding=\"async\" width=\"1024\" height=\"695\" data-id=\"218\" src=\"https:\/\/stimmungszeit.com\/wp-content\/uploads\/2020\/10\/Goldene_Schlager_Juwelen-0605-1024x695.jpg\" alt=\"\" class=\"wp-image-218\" srcset=\"http:\/\/stimmungszeit.com\/wp-content\/uploads\/2020\/10\/Goldene_Schlager_Juwelen-0605-1024x695.jpg 1024w, http:\/\/stimmungszeit.com\/wp-content\/uploads\/2020\/10\/Goldene_Schlager_Juwelen-0605-300x204.jpg 300w, http:\/\/stimmungszeit.com\/wp-content\/uploads\/2020\/10\/Goldene_Schlager_Juwelen-0605-768x521.jpg 768w, http:\/\/stimmungszeit.com\/wp-content\/uploads\/2020\/10\/Goldene_Schlager_Juwelen-0605-2048x1390.jpg 2048w\" sizes=\"(max-width: 1024px) 100vw, 1024px\" \/><figcaption class=\"wp-element-caption\">TV-Aufzeichnung &#8222;Goldene Schlager Juwelen&#8220; in der &#8222;Kanone&#8220; Tautenhain \/ Thueringen mit Kay Doerfel\nFoto: Uwe Toelle fuer Klambt-Verlag, 01.09.2020 \n\nAls Fotonachweis bitte: Uwe T\u00f6lle\/Super TV, sowie die Ausgabe der SuperTV Nr. 38\/20, in der die Ver\u00f6ffentlichung stattindet.<\/figcaption><\/figure>\n\n\n\n<figure class=\"wp-block-image size-large\"><img loading=\"lazy\" decoding=\"async\" width=\"1024\" height=\"683\" data-id=\"219\" src=\"https:\/\/stimmungszeit.com\/wp-content\/uploads\/2020\/10\/Goldene_Schlager_Juwelen-0623-1024x683.jpg\" alt=\"\" class=\"wp-image-219\" srcset=\"http:\/\/stimmungszeit.com\/wp-content\/uploads\/2020\/10\/Goldene_Schlager_Juwelen-0623-1024x683.jpg 1024w, http:\/\/stimmungszeit.com\/wp-content\/uploads\/2020\/10\/Goldene_Schlager_Juwelen-0623-300x200.jpg 300w, http:\/\/stimmungszeit.com\/wp-content\/uploads\/2020\/10\/Goldene_Schlager_Juwelen-0623-768x512.jpg 768w\" sizes=\"(max-width: 1024px) 100vw, 1024px\" \/><figcaption class=\"wp-element-caption\">TV-Aufzeichnung &#8222;Goldene Schlager Juwelen&#8220; in der &#8222;Kanone&#8220; Tautenhain \/ Thueringen mit Kay Doerfel\nFoto: Uwe Toelle fuer Klambt-Verlag, 01.09.2020 \n\nAls Fotonachweis bitte: Uwe T\u00f6lle\/Super TV, sowie die Ausgabe der SuperTV Nr. 38\/20, in der die Ver\u00f6ffentlichung stattindet.<\/figcaption><\/figure>\n<figcaption class=\"blocks-gallery-caption wp-element-caption\">Fotonachweis: <em>Uwe T\u00f6lle\/SuperTV<\/em><\/figcaption><\/figure>\n","protected":false},"excerpt":{"rendered":"<p>Stimmungszeit Musik- &amp; Media versteht sich als Full-Service Dienstleister rund um Musik- &amp; Fernsehproduktionen, Tonstudio und Musikverlag, nebst Label und angeschlossenem Vertrieb. Wir konzipieren, kreieren und produzieren Musik-, Video- &amp; Fernsehaufnahmen und ver\u00f6ffentlichen Ihr Produkt da, wo Sie es platziert wissen wollen. Dabei legen wir sehr viel Wert auf ein gewachsenes Netzwerk mit unseren Partnern, u.a. Hitmix, Marabu Records, Telamo, Vegamedia, OM-Management, Gute-Laune TV, My TV plus, Folx Music Television und das Deutsche Musikfernsehen. Studio Im Altstadt-Studio von Stimmungszeit entstehen, neben den Eigenproduktionen f\u00fcr unsere Exklusivk\u00fcnstler, auch Demos und Auftragsproduktionen f\u00fcr andere K\u00fcnstler und Schallplattenlabels. Au\u00dfer der Komposition, dem Arrangement und der Synchronisation von Hauptgesang und Ch\u00f6ren, produzieren wir bis zum Master ver\u00f6ffentlichungsreife Songs und Musikproduktionen. U.a. haben schon Eberhard Hertel, Gerda Gabriel, die \u201eTh\u00fcringenspatzen\u201c, Uwe Jensen und Willi Seitz vor unserem Mikro gestanden und wir haben u.a. mit Anita Hegerland (Mike Oldfield, Roy Black), der Goombay Dance Band, Lena Valaitis, den \u201eWildecker Herzbuben\u201c, Birgit Langer, Patrizius, Edward Simoni, Achim Mentzel, Bata Illic, Michaela Zondler, Chris Roberts und den \u201eCannons\u201c gearbeitet. Musikverlag Edition Stimmungszeit und der Stimmungszeit Musikverlag wahren nicht nur die Rechte unserer eigenen Produktionen, sondern \u00fcbernehmen auch die administrativen F\u00e4den rund um Ihre Musikwerke und Ver\u00f6ffentlichungen. Medienproduktion In Zeiten wo TV-Sendungen fast nur mit denselben Interpreten besetzt werden, schaffen wir Ideen und Konzepte f\u00fcr neue Unterhaltungsformate und produzieren diese im Auftrag von namhaften Fernsehanstalten oder in Eigenregie. Unsere eigenen TV-Projekte bisher sind: \u201eDie gro\u00dfe Silvestersause\u201c (2017,2019) \u201eGoldene SchlagerJuwelen\u201c (ab 2020)<\/p>\n","protected":false},"author":1,"featured_media":0,"parent":0,"menu_order":0,"comment_status":"closed","ping_status":"closed","template":"","meta":{"footnotes":""},"yoast_head":"<!-- This site is optimized with the Yoast SEO plugin v22.1 - https:\/\/yoast.com\/wordpress\/plugins\/seo\/ -->\n<title>Musik &amp; Media -<\/title>\n<meta name=\"robots\" content=\"index, follow, max-snippet:-1, max-image-preview:large, max-video-preview:-1\" \/>\n<link rel=\"canonical\" href=\"http:\/\/stimmungszeit.com\/?page_id=138\" \/>\n<meta property=\"og:locale\" content=\"de_DE\" \/>\n<meta property=\"og:type\" content=\"article\" \/>\n<meta property=\"og:title\" content=\"Musik &amp; Media -\" \/>\n<meta property=\"og:description\" content=\"Stimmungszeit Musik- &amp; Media versteht sich als Full-Service Dienstleister rund um Musik- &amp; Fernsehproduktionen, Tonstudio und Musikverlag, nebst Label und angeschlossenem Vertrieb. Wir konzipieren, kreieren und produzieren Musik-, Video- &amp; Fernsehaufnahmen und ver\u00f6ffentlichen Ihr Produkt da, wo Sie es platziert wissen wollen. Dabei legen wir sehr viel Wert auf ein gewachsenes Netzwerk mit unseren Partnern, u.a. Hitmix, Marabu Records, Telamo, Vegamedia, OM-Management, Gute-Laune TV, My TV plus, Folx Music Television und das Deutsche Musikfernsehen. Studio Im Altstadt-Studio von Stimmungszeit entstehen, neben den Eigenproduktionen f\u00fcr unsere Exklusivk\u00fcnstler, auch Demos und Auftragsproduktionen f\u00fcr andere K\u00fcnstler und Schallplattenlabels. Au\u00dfer der Komposition, dem Arrangement und der Synchronisation von Hauptgesang und Ch\u00f6ren, produzieren wir bis zum Master ver\u00f6ffentlichungsreife Songs und Musikproduktionen. U.a. haben schon Eberhard Hertel, Gerda Gabriel, die \u201eTh\u00fcringenspatzen\u201c, Uwe Jensen und Willi Seitz vor unserem Mikro gestanden und wir haben u.a. mit Anita Hegerland (Mike Oldfield, Roy Black), der Goombay Dance Band, Lena Valaitis, den \u201eWildecker Herzbuben\u201c, Birgit Langer, Patrizius, Edward Simoni, Achim Mentzel, Bata Illic, Michaela Zondler, Chris Roberts und den \u201eCannons\u201c gearbeitet. Musikverlag Edition Stimmungszeit und der Stimmungszeit Musikverlag wahren nicht nur die Rechte unserer eigenen Produktionen, sondern \u00fcbernehmen auch die administrativen F\u00e4den rund um Ihre Musikwerke und Ver\u00f6ffentlichungen. Medienproduktion In Zeiten wo TV-Sendungen fast nur mit denselben Interpreten besetzt werden, schaffen wir Ideen und Konzepte f\u00fcr neue Unterhaltungsformate und produzieren diese im Auftrag von namhaften Fernsehanstalten oder in Eigenregie. Unsere eigenen TV-Projekte bisher sind: \u201eDie gro\u00dfe Silvestersause\u201c (2017,2019) \u201eGoldene SchlagerJuwelen\u201c (ab 2020)\" \/>\n<meta property=\"og:url\" content=\"http:\/\/stimmungszeit.com\/?page_id=138\" \/>\n<meta property=\"article:modified_time\" content=\"2024-12-13T11:34:02+00:00\" \/>\n<meta property=\"og:image\" content=\"https:\/\/stimmungszeit.com\/wp-content\/uploads\/2021\/12\/CDVS_Edward-Simoni_2CD-150x150.jpg\" \/>\n<meta name=\"twitter:card\" content=\"summary_large_image\" \/>\n<meta name=\"twitter:label1\" content=\"Gesch\u00e4tzte Lesezeit\" \/>\n\t<meta name=\"twitter:data1\" content=\"12\u00a0Minuten\" \/>\n<script type=\"application\/ld+json\" class=\"yoast-schema-graph\">{\"@context\":\"https:\/\/schema.org\",\"@graph\":[{\"@type\":\"WebPage\",\"@id\":\"http:\/\/stimmungszeit.com\/?page_id=138\",\"url\":\"http:\/\/stimmungszeit.com\/?page_id=138\",\"name\":\"Musik & Media -\",\"isPartOf\":{\"@id\":\"https:\/\/stimmungszeit.com\/#website\"},\"datePublished\":\"2020-10-06T18:51:26+00:00\",\"dateModified\":\"2024-12-13T11:34:02+00:00\",\"breadcrumb\":{\"@id\":\"http:\/\/stimmungszeit.com\/?page_id=138#breadcrumb\"},\"inLanguage\":\"de\",\"potentialAction\":[{\"@type\":\"ReadAction\",\"target\":[\"http:\/\/stimmungszeit.com\/?page_id=138\"]}]},{\"@type\":\"BreadcrumbList\",\"@id\":\"http:\/\/stimmungszeit.com\/?page_id=138#breadcrumb\",\"itemListElement\":[{\"@type\":\"ListItem\",\"position\":1,\"name\":\"Startseite\",\"item\":\"https:\/\/stimmungszeit.com\/\"},{\"@type\":\"ListItem\",\"position\":2,\"name\":\"Musik &#038; Media\"}]},{\"@type\":\"WebSite\",\"@id\":\"https:\/\/stimmungszeit.com\/#website\",\"url\":\"https:\/\/stimmungszeit.com\/\",\"name\":\"\",\"description\":\"\",\"potentialAction\":[{\"@type\":\"SearchAction\",\"target\":{\"@type\":\"EntryPoint\",\"urlTemplate\":\"https:\/\/stimmungszeit.com\/?s={search_term_string}\"},\"query-input\":\"required name=search_term_string\"}],\"inLanguage\":\"de\"}]}<\/script>\n<!-- \/ Yoast SEO plugin. -->","yoast_head_json":{"title":"Musik & Media -","robots":{"index":"index","follow":"follow","max-snippet":"max-snippet:-1","max-image-preview":"max-image-preview:large","max-video-preview":"max-video-preview:-1"},"canonical":"http:\/\/stimmungszeit.com\/?page_id=138","og_locale":"de_DE","og_type":"article","og_title":"Musik & Media -","og_description":"Stimmungszeit Musik- &amp; Media versteht sich als Full-Service Dienstleister rund um Musik- &amp; Fernsehproduktionen, Tonstudio und Musikverlag, nebst Label und angeschlossenem Vertrieb. Wir konzipieren, kreieren und produzieren Musik-, Video- &amp; Fernsehaufnahmen und ver\u00f6ffentlichen Ihr Produkt da, wo Sie es platziert wissen wollen. Dabei legen wir sehr viel Wert auf ein gewachsenes Netzwerk mit unseren Partnern, u.a. Hitmix, Marabu Records, Telamo, Vegamedia, OM-Management, Gute-Laune TV, My TV plus, Folx Music Television und das Deutsche Musikfernsehen. Studio Im Altstadt-Studio von Stimmungszeit entstehen, neben den Eigenproduktionen f\u00fcr unsere Exklusivk\u00fcnstler, auch Demos und Auftragsproduktionen f\u00fcr andere K\u00fcnstler und Schallplattenlabels. Au\u00dfer der Komposition, dem Arrangement und der Synchronisation von Hauptgesang und Ch\u00f6ren, produzieren wir bis zum Master ver\u00f6ffentlichungsreife Songs und Musikproduktionen. U.a. haben schon Eberhard Hertel, Gerda Gabriel, die \u201eTh\u00fcringenspatzen\u201c, Uwe Jensen und Willi Seitz vor unserem Mikro gestanden und wir haben u.a. mit Anita Hegerland (Mike Oldfield, Roy Black), der Goombay Dance Band, Lena Valaitis, den \u201eWildecker Herzbuben\u201c, Birgit Langer, Patrizius, Edward Simoni, Achim Mentzel, Bata Illic, Michaela Zondler, Chris Roberts und den \u201eCannons\u201c gearbeitet. Musikverlag Edition Stimmungszeit und der Stimmungszeit Musikverlag wahren nicht nur die Rechte unserer eigenen Produktionen, sondern \u00fcbernehmen auch die administrativen F\u00e4den rund um Ihre Musikwerke und Ver\u00f6ffentlichungen. Medienproduktion In Zeiten wo TV-Sendungen fast nur mit denselben Interpreten besetzt werden, schaffen wir Ideen und Konzepte f\u00fcr neue Unterhaltungsformate und produzieren diese im Auftrag von namhaften Fernsehanstalten oder in Eigenregie. Unsere eigenen TV-Projekte bisher sind: \u201eDie gro\u00dfe Silvestersause\u201c (2017,2019) \u201eGoldene SchlagerJuwelen\u201c (ab 2020)","og_url":"http:\/\/stimmungszeit.com\/?page_id=138","article_modified_time":"2024-12-13T11:34:02+00:00","og_image":[{"url":"https:\/\/stimmungszeit.com\/wp-content\/uploads\/2021\/12\/CDVS_Edward-Simoni_2CD-150x150.jpg"}],"twitter_card":"summary_large_image","twitter_misc":{"Gesch\u00e4tzte Lesezeit":"12\u00a0Minuten"},"schema":{"@context":"https:\/\/schema.org","@graph":[{"@type":"WebPage","@id":"http:\/\/stimmungszeit.com\/?page_id=138","url":"http:\/\/stimmungszeit.com\/?page_id=138","name":"Musik & Media -","isPartOf":{"@id":"https:\/\/stimmungszeit.com\/#website"},"datePublished":"2020-10-06T18:51:26+00:00","dateModified":"2024-12-13T11:34:02+00:00","breadcrumb":{"@id":"http:\/\/stimmungszeit.com\/?page_id=138#breadcrumb"},"inLanguage":"de","potentialAction":[{"@type":"ReadAction","target":["http:\/\/stimmungszeit.com\/?page_id=138"]}]},{"@type":"BreadcrumbList","@id":"http:\/\/stimmungszeit.com\/?page_id=138#breadcrumb","itemListElement":[{"@type":"ListItem","position":1,"name":"Startseite","item":"https:\/\/stimmungszeit.com\/"},{"@type":"ListItem","position":2,"name":"Musik &#038; Media"}]},{"@type":"WebSite","@id":"https:\/\/stimmungszeit.com\/#website","url":"https:\/\/stimmungszeit.com\/","name":"","description":"","potentialAction":[{"@type":"SearchAction","target":{"@type":"EntryPoint","urlTemplate":"https:\/\/stimmungszeit.com\/?s={search_term_string}"},"query-input":"required name=search_term_string"}],"inLanguage":"de"}]}},"_links":{"self":[{"href":"http:\/\/stimmungszeit.com\/index.php?rest_route=\/wp\/v2\/pages\/138"}],"collection":[{"href":"http:\/\/stimmungszeit.com\/index.php?rest_route=\/wp\/v2\/pages"}],"about":[{"href":"http:\/\/stimmungszeit.com\/index.php?rest_route=\/wp\/v2\/types\/page"}],"author":[{"embeddable":true,"href":"http:\/\/stimmungszeit.com\/index.php?rest_route=\/wp\/v2\/users\/1"}],"replies":[{"embeddable":true,"href":"http:\/\/stimmungszeit.com\/index.php?rest_route=%2Fwp%2Fv2%2Fcomments&post=138"}],"version-history":[{"count":38,"href":"http:\/\/stimmungszeit.com\/index.php?rest_route=\/wp\/v2\/pages\/138\/revisions"}],"predecessor-version":[{"id":382,"href":"http:\/\/stimmungszeit.com\/index.php?rest_route=\/wp\/v2\/pages\/138\/revisions\/382"}],"wp:attachment":[{"href":"http:\/\/stimmungszeit.com\/index.php?rest_route=%2Fwp%2Fv2%2Fmedia&parent=138"}],"curies":[{"name":"wp","href":"https:\/\/api.w.org\/{rel}","templated":true}]}}